{"id":783,"date":"2020-02-10T12:46:34","date_gmt":"2020-02-10T11:46:34","guid":{"rendered":"http:\/\/rsplusneu.schulebza.de\/?page_id=783"},"modified":"2024-06-05T08:00:24","modified_gmt":"2024-06-05T06:00:24","slug":"projekt-stark-ins-leben","status":"publish","type":"page","link":"https:\/\/schulebza.de\/rsplus\/projekt-stark-ins-leben\/","title":{"rendered":"Projekt: Stark ins Leben"},"content":{"rendered":"\n<h2 class=\"wp-block-heading\"><strong>Stark ins Leben (SiL)<\/strong><\/h2>\n\n\n\n<p>Seit dem Schuljahr 2018\/2019 nimmt die Fachoberschule (FOS) Bad Bergzabern an dem Programm \u201eStark ins Leben\u201c teil. Dieses wird vom Bildungsministerium mit Unterst\u00fctzung durch die Sparda-Bank S\u00fcdwest eG und in Zusammenarbeit mit dem P\u00e4dagogischen Landesinstitut durchgef\u00fchrt. Begonnen hat es im November 2015 mit einer Pilotphase an vier rheinland-pf\u00e4lzischen Gymnasien. Inzwischen (Stand Mai 2019) beteiligen sich daran 13 Gymnasien, drei Integrierte Gesamtschulen und zwei Realschulen plus, wobei unsere FOS derzeit die einzige Fachoberschule ist, die sich f\u00fcr das Projekt beworben hat.&nbsp; &nbsp;<\/p>\n\n\n\n<p>Das Programm erm\u00f6glicht Sch\u00fclerinnen und Sch\u00fclern am Beginn der Oberstufe und an der Schwelle zum Erwachsenwerden, sich ihre St\u00e4rken und Talente bewusst zu machen und Kompetenzen weiterzuentwickeln, die bei der individuellen Lebensgestaltung nach der Schule hilfreich sind.&nbsp;<\/p>\n\n\n\n<p>Das Projekt verl\u00e4uft in mehreren Phasen. Zun\u00e4chst fahren wir in der 11. Klassenstufe&nbsp; mit den Sch\u00fclerinnen und Sch\u00fclern&nbsp; beider Fachrichtungen f\u00fcr zwei Tage in ein Tagungshaus au\u00dferhalb der Schule, wo dann \u2013 auch mithilfe von Fremdreferenten \u2013 Workshops durchgef\u00fchrt werden. Geselligkeit und der Spa\u00df sollen dabei ebenfalls nicht zu kurz kommen. Weiterhin bieten diese Tage den Sch\u00fclerinnen und Sch\u00fclern die M\u00f6glichkeit, sich besser untereinander kennen zu lernen.<\/p>\n\n\n\n<p>In einer weiteren Projekt-Phase finden eint\u00e4gige Seminare statt.<\/p>\n\n\n\n<p>Wir haben das Projekt als integralen Bestandteil unserer Berufsorientierung in der 11. Klassenstufe etabliert. Zusammen mit dem einj\u00e4hrigen Praktikum erfahren die Sch\u00fclerinnen und Sch\u00fcler der Fachoberschule so viel \u00fcber ihre eigenen St\u00e4rken und die Berufswelt.<\/p>\n\n\n\n<p><a rel=\"noreferrer noopener\" href=\"https:\/\/www.youtube.com\/watch?v=4kOdFeEXj9I\" target=\"_blank\">Informationsvideo zum Projekt<\/a><\/p>\n\n\n\n<p><a aria-label=\" (\u00f6ffnet in neuem Tab)\" href=\"https:\/\/schulebza.de\/rsplus\/berufsorientierung-einmal-anders-fachoberschule-bad-bergzabern\/\" target=\"_blank\" rel=\"noreferrer noopener\">Schuleigenes Seminar 2019<\/a><\/p>\n\n\n\n<p><a href=\"https:\/\/schulebza.de\/rsplus\/sei-fit-fuer-dein-leben-berichte-ueber-die-workshops-zum-projekt-stark-ins-leben\/\">Schuleigenes Seminar 2024<\/a><\/p>\n","protected":false},"excerpt":{"rendered":"<p>Stark ins Leben (SiL) Seit dem Schuljahr 2018\/2019 nimmt die Fachoberschule (FOS) Bad Bergzabern an dem Programm \u201eStark ins Leben\u201c teil. Dieses wird vom Bildungsministerium mit Unterst\u00fctzung durch die Sparda-Bank [&hellip;]<\/p>\n","protected":false},"author":1,"featured_media":0,"parent":0,"menu_order":4,"comment_status":"closed","ping_status":"closed","template":"","meta":{"_et_pb_use_builder":"off","_et_pb_old_content":"","_et_gb_content_width":"","footnotes":""},"class_list":["post-783","page","type-page","status-publish","hentry"],"_links":{"self":[{"href":"https:\/\/schulebza.de\/rsplus\/wp-json\/wp\/v2\/pages\/783","targetHints":{"allow":["GET"]}}],"collection":[{"href":"https:\/\/schulebza.de\/rsplus\/wp-json\/wp\/v2\/pages"}],"about":[{"href":"https:\/\/schulebza.de\/rsplus\/wp-json\/wp\/v2\/types\/page"}],"author":[{"embeddable":true,"href":"https:\/\/schulebza.de\/rsplus\/wp-json\/wp\/v2\/users\/1"}],"replies":[{"embeddable":true,"href":"https:\/\/schulebza.de\/rsplus\/wp-json\/wp\/v2\/comments?post=783"}],"version-history":[{"count":7,"href":"https:\/\/schulebza.de\/rsplus\/wp-json\/wp\/v2\/pages\/783\/revisions"}],"predecessor-version":[{"id":9336,"href":"https:\/\/schulebza.de\/rsplus\/wp-json\/wp\/v2\/pages\/783\/revisions\/9336"}],"wp:attachment":[{"href":"https:\/\/schulebza.de\/rsplus\/wp-json\/wp\/v2\/media?parent=783"}],"curies":[{"name":"wp","href":"https:\/\/api.w.org\/{rel}","templated":true}]}}