{"id":3312,"date":"2019-03-30T12:02:44","date_gmt":"2019-03-30T11:02:44","guid":{"rendered":"http:\/\/schulebza.de\/gymnasiumneu\/?page_id=3312"},"modified":"2024-08-26T13:09:40","modified_gmt":"2024-08-26T11:09:40","slug":"elternbriefe","status":"publish","type":"page","link":"https:\/\/schulebza.de\/gymnasium\/elternbriefe\/","title":{"rendered":"Elternbriefe"},"content":{"rendered":"<p><a href=\"https:\/\/schulebza.de\/gymnasium\/elternbriefe\/aeroplane-4916661_640\/#main\" rel=\"attachment wp-att-13230\"><img decoding=\"async\" class=\"alignleft wp-image-13230\" src=\"https:\/\/schulebza.de\/gymnasium\/wp-content\/uploads\/2024\/08\/aeroplane-4916661_640.jpg\" alt=\"\" width=\"250\" height=\"166\" srcset=\"https:\/\/schulebza.de\/gymnasium\/wp-content\/uploads\/2024\/08\/aeroplane-4916661_640.jpg 640w, https:\/\/schulebza.de\/gymnasium\/wp-content\/uploads\/2024\/08\/aeroplane-4916661_640-300x200.jpg 300w, https:\/\/schulebza.de\/gymnasium\/wp-content\/uploads\/2024\/08\/aeroplane-4916661_640-570x380.jpg 570w, https:\/\/schulebza.de\/gymnasium\/wp-content\/uploads\/2024\/08\/aeroplane-4916661_640-380x254.jpg 380w, https:\/\/schulebza.de\/gymnasium\/wp-content\/uploads\/2024\/08\/aeroplane-4916661_640-285x190.jpg 285w\" sizes=\"(max-width: 250px) 100vw, 250px\" \/><\/a><\/p>\n<p>Wir halten Sie nat\u00fcrlich auch in gedruckter Form regelm\u00e4\u00dfig auf dem Laufenden. Falls Sie jedoch einen Elternbrief nicht mehr finden sollten, sammeln wir die Informationen hier in digitaler Form.<\/p>\n<div class=\"su-box su-box-style-default\" id=\"\" style=\"border-color:#b8b8b8;border-radius:3px;max-width:none\"><div class=\"su-box-title\" style=\"background-color:#ebebeb;color:#000000;border-top-left-radius:1px;border-top-right-radius:1px\">WebUntis<\/div><div class=\"su-box-content su-u-clearfix su-u-trim\" style=\"border-bottom-left-radius:1px;border-bottom-right-radius:1px\">Elternmitteilungen werden nur noch per WebUntis verschickt.<\/div><\/div>\n<p><a href=\"https:\/\/schulebza.de\/gymnasium\/wp-content\/uploads\/2022\/09\/Schuljournal-zum-Schuljahresbeginn-2022-2023-1.pdf\">Schuljournal zum Schuljahresbeginn 2022-2023<\/a><\/p>\n<div class=\"su-spoiler su-spoiler-style-default su-spoiler-icon-folder-1 su-spoiler-closed\" data-scroll-offset=\"0\" data-anchor-in-url=\"no\"><div class=\"su-spoiler-title\" tabindex=\"0\" role=\"button\"><span class=\"su-spoiler-icon\"><\/span>Schulinfo 2021\/2022<\/div><div class=\"su-spoiler-content su-u-clearfix su-u-trim\"><div class='w3eden'><!-- WPDM Link Template: Default Template -->\n\n<div class=\"link-template-default card mb-2\">\n    <div class=\"card-body\">\n        <div class=\"media\">\n            <div class=\"mr-3 img-48\"><img decoding=\"async\" class=\"wpdm_icon\" alt=\"Icon\" src=\"https:\/\/schulebza.de\/gymnasium\/wp-content\/plugins\/download-manager\/assets\/file-type-icons\/pdf.svg\" \/><\/div>\n            <div class=\"media-body\">\n                <h3 class=\"package-title\"><a href='https:\/\/schulebza.de\/gymnasium\/download\/schuljournal-21-22\/'>Schuljournal 21-22<\/a><\/h3>\n                <div class=\"text-muted text-small\"><i class=\"fas fa-copy\"><\/i> 1 Datei(en) <i class=\"fas fa-hdd ml-3\"><\/i> 295.07 KB<\/div>\n            <\/div>\n            <div class=\"ml-3\">\n                <a class='wpdm-download-link btn btn-info btn-lg' rel='nofollow' href='https:\/\/schulebza.de\/gymnasium\/download\/schuljournal-21-22\/?wpdmdl=11837&refresh=69edc87a8bf121777191034'>Download<\/a>\n            <\/div>\n        <\/div>\n    <\/div>\n<\/div>\n\n<\/div><\/div><\/div>\n<div class=\"su-heading su-heading-style-default su-heading-align-center\" id=\"\" style=\"font-size:13px;margin-bottom:20px\"><div class=\"su-heading-inner\">Archiv<\/div><\/div>\n<div class=\"su-spoiler su-spoiler-style-default su-spoiler-icon-folder-1 su-spoiler-closed\" data-scroll-offset=\"0\" data-anchor-in-url=\"no\"><div class=\"su-spoiler-title\" tabindex=\"0\" role=\"button\"><span class=\"su-spoiler-icon\"><\/span>Schulinfo zum Halbjahreswechsel 2019\/2020<\/div><div class=\"su-spoiler-content su-u-clearfix su-u-trim\"><div class='w3eden'><!-- WPDM Link Template: Default Template -->\n\n<div class=\"link-template-default card mb-2\">\n    <div class=\"card-body\">\n        <div class=\"media\">\n            <div class=\"mr-3 img-48\"><img decoding=\"async\" class=\"wpdm_icon\" alt=\"Icon\" src=\"https:\/\/schulebza.de\/gymnasium\/wp-content\/plugins\/download-manager\/assets\/file-type-icons\/pdf.svg\" \/><\/div>\n            <div class=\"media-body\">\n                <h3 class=\"package-title\"><a href='https:\/\/schulebza.de\/gymnasium\/download\/schulinfo-zum-halbjahreswechsel-2019-2020\/'>Schulinfo zum Halbjahreswechsel 2019\/2020<\/a><\/h3>\n                <div class=\"text-muted text-small\"><i class=\"fas fa-copy\"><\/i> 1 Datei(en) <i class=\"fas fa-hdd ml-3\"><\/i> 409 KB<\/div>\n            <\/div>\n            <div class=\"ml-3\">\n                <a class='wpdm-download-link btn btn-info btn-lg' rel='nofollow' href='https:\/\/schulebza.de\/gymnasium\/download\/schulinfo-zum-halbjahreswechsel-2019-2020\/?wpdmdl=7699&refresh=69edc87a8eda91777191034'>Download<\/a>\n            <\/div>\n        <\/div>\n    <\/div>\n<\/div>\n\n<\/div><\/div><\/div>\n<div class=\"su-spoiler su-spoiler-style-default su-spoiler-icon-folder-1 su-spoiler-closed\" data-scroll-offset=\"0\" data-anchor-in-url=\"no\"><div class=\"su-spoiler-title\" tabindex=\"0\" role=\"button\"><span class=\"su-spoiler-icon\"><\/span>Schuljournal zum Schuljahresbeginn 2019\/2020<\/div><div class=\"su-spoiler-content su-u-clearfix su-u-trim\">Liebe Schulgemeinschaft, herzlich Gr\u00fc\u00dfe ich Sie und Euch alle zum neuen Schuljahr 2019\/2020!<\/p>\n<p>Wir alle kommen aus den Ferien, nach Kr\u00e4ften erholt und frohen Mutes. Ich freue mich auf das neue Schuljahr zusammen und das allgemeine Wiedersehen und Kennenlernen.<\/p>\n<p><strong>Personal<\/strong><\/p>\n<p>Zusammen mit unserer Gemeinsamen Orientierungsstufe unterrichten wir rund 1000 Sch\u00fclerinnen und Sch\u00fcler \u2013 HERZLICH WILLKOMMEN vor allem unseren Klassenstufen 5, 7 und 11! Sie werden unterrichtet von aktuell 75 Lehrerinnen und Lehrern \u2013 darunter unsere 6 Referendarinnen und Referendare, denen wir viel Erfolg bei den aktuell bevorstehenden Pr\u00fcfungen w\u00fcnschen! Im Leitungsteam \u00fcbernimmt unser 2. stellvertretender Schulleiter StD Christoph Mohr die Stufenleitung 9\/10; OStR\u00b4 Ramona Lang \u00fcbernimmt im Studienseminar Landau eine Lehrbeauftragung im Fach Englisch, sodass in unserem Haus die Ausbildungsleitung der Referendare von OStR\u00b4 Dr. Ulrike Schilling unterst\u00fctzt wird. Neu im Team f\u00fcr ein Jahr ist LiA Thomas Steinfurth mit den F\u00e4chern Englisch und Sozialkunde; er wird auch die Vertretung w\u00e4hrend der Elternzeit von OStR Andreas Wiemer \u00fcbernehmen \u2013 herzlich willkommen! In den Ruhestand verabschiedet haben wir OStR\u00b4 Alice Korb und StD Julius Berthold. Frau Korb hat vier Jahrzehnte hier an ihrer Schule unterrichtet und damit Generationen von Sch\u00fclerinnen und Sch\u00fclern gepr\u00e4gt, Herr Berthold war Teil unseres Schulleitungsteams als Stufenleiter f\u00fcr die Klassenstufen 9 und 10. Beide wurden vor den Ferien vom Kollegium herzlich verabschiedet, auch ich danke nicht minder herzlich f\u00fcr die gemeinsame Zeit und die gemeinsame Arbeit. L\u00b4iA Daniela Becker hat eine Stelle in Landau, StR\u00b4 Verena Rolfes bat um Beurlaubung, StR Christian Schilling wurde auf seinen Wunsch hin nach Landau versetzt und OStR\u00b4 Valerie Schnaithmann geht an das Europagymnasium in W\u00f6rth \u2013 wir w\u00fcnschen den Genannten alles Liebe und viel Erfolg und danken auch hier herzlich f\u00fcr die geleistete Arbeit.<\/p>\n<p><strong>Termine<\/strong><\/p>\n<p>Bitte beachten Sie dringend die erste Termin\u00fcbersicht im Anhang, besonders wegen der Ferienzeiten bzw. der unterrichtsfreien Tage \u2013 und vergessen Sie nicht, dass Beurlaubungen unmittelbar vor- und nach den Ferien nur im absoluten und sehr gut begr\u00fcndeten Ausnahmefall von der Schulleitung ausgesprochen und genehmigt werden (und die Antr\u00e4ge hierf\u00fcr auch rechtzeitig bei der Schulleitung abgegeben werden m\u00fcssen). *Die Wahlelternabende liegen am Mittwoch, den 28.08.2019; die Wahl zum SEB findet dann statt am Donnerstag, den 12.09.2019 in unserer Aula, woran sich die konstituierende Sitzung des Schulelternbeirats in der Kantine dann anschlie\u00dft. Die Wahl zur neuen Sch\u00fclervertretung halten wir am Freitag, den 06.09.2019 in der Aula ab: Ich lade herzlich ein, auch weiterhin die gegebene und gelebte M\u00f6glichkeit zu Partizipation und Mitbestimmung so authentisch und ehrlich wahrzunehmen; den scheidenden SV- und SEB-Vertretern danke ich sehr herzlich f\u00fcr alles Engagement. Besonders erw\u00e4hnen m\u00f6chte ich Herrn Dr. Peter Kretschmer, der wiederholt in Folge als SEB-Vorsitzender mit seinem Team ein stets konstruktiv kritischer Wegbegleiter war. *Die Studientage f\u00fcr unser Kollegium liegen direkt nach den Herbstferien am 14. und 15.10.2019, hier entf\u00e4llt der Unterricht. *Unseren Tag der offenen T\u00fcren halten wir traditionell am Samstag nach den Halbjahreszeugnissen ab; in diesem Schuljahr ist das der 01.02.2020, samt Neuanmeldungen (der Ausgleichstag hierf\u00fcr liegt dann am Montag, den 03.02.2019). *Auch in diesem Jahr werden wir wieder von jeder Sch\u00fclerin, von jedem Sch\u00fcler Papier- und Wassergeld einsammeln: Der Betrag von 12,00 \u20ac wird im Laufe der ersten Schuljahreswochen von den Klassen- und Stammkursleitungen bis zu den Herbstferien eingesammelt, zusammen mit den 4,00 \u20ac f\u00fcr den Hausaufgabenplaner. \u00dcber unsere (ab September neu aufgespielte) Homepage sind Sie stets auf dem Laufenden &#8211; auch unser neues vor Ostern gemeinsam verabschiedetes SCHULPROGRAMM wird dort einsichtig und vernetzt sein.<\/p>\n<p><strong>Aktuelles &#8211; Vollversammlung vom letzten Schultag Ende Juni, Ehrungen und Ausblick<\/strong><\/p>\n<p>Noch ganz im Zeichen des gro\u00dfen Schulfests mit dem Engagement aller, mit unserem Schulnamensgeber in unserer Mitte und als Abschlusswoche unseres Erasmusprojektes mit G\u00e4sten und Freunden aus Litauen, Polen und Italien in unseren Reihen setzte unsere Big Band des Gymnasiums Rahmen, Highlight und Thema dieser Tage u.a. mit dem grandios musizierten Klassiker \u201eRespect\u201c \u2013 dazu passend markierten engagierte Deutsch-Sch\u00fclerinnen und -Sch\u00fcler Tempo und Stimmung der kurzweiligen, respektvollen Veranstaltung: Goethes \u201eErlk\u00f6nig\u201c wurde raffiniert gerappt (Ludwig Briem, Linus B\u00f6ttinger und Luis Hirsch, Klasse 7) und die Oberstufensch\u00fclerinnen Katalin Beer und Vera Dieterle (LK D, MSS12) setzten ein denk-w\u00fcrdiges, nach-denklich stimmendes Zeichen f\u00fcr Toleranz und Miteinander. Zuerst stand unser wenige Tage zuvor bravour\u00f6s gemeinsam gestemmter Triathlon im Mittelpunkt und als Gesamtbeste wurden die Teams der 7a und das Team unseres \u00b4Vereins der Freunde\u00b4 benannt \u2013 alle waren in Bewegung, alle waren dabei, das vor allem z\u00e4hlt.<\/p>\n<p>Auch wurden unsere \u00fcberaus erfolgreichen Sportlerinnen und Sportler f\u00fcr Jugend Trainiert f\u00fcr Olympia genannt, unsere Turner erreichten im WK IV im Bundes(!)finale in Berlin einen sensationellen 3. Platz im Ger\u00e4teturnen: Emely und Leni Wagner, Oskar Dietz, Nikita Gebel, Marco Deisner und Tim Fuchsj\u00e4ger. Nicht minder sensationell haben zum dritten Mal(!) in Folge im WK II\/Turnen Konrad Beck, Lennart H\u00f6lzmann, Niklas Ellrich und Thomas Quint den Rhein-Main-Donau-Cup (das kleine Deutschlandfinale) gewonnen.<\/p>\n<p>F\u00fcr Jugend Musiziert wurde Evita Schlender auf die B\u00fchne gebeten, die zuletzt beim Bundeswettbewerb einen herausragenden ersten Platz belegte.<\/p>\n<p>Auch unsere ausgezeichneten Jungforscher bei Jugend Forscht standen im Mittelpunkt: Tim Leonhardt, Anja Baier, Gabriel Vogel und Jan Becht. Dar\u00fcber hinaus wurde unser Gymnasium im Fr\u00fchjahr mit dem Schulpreis als engagierte Schule ausgezeichnet.<\/p>\n<p>Im Bereich MINT-freundliche Schule dann fanden die diesj\u00e4hrigen Preistr\u00e4ger vom Landeswettbewerb Physik Erw\u00e4hnung: Finn Czerwinski, Marcel Frank, Luisa Ehrhardt, Emely Ettel; ebenso Felix Cuntz und Maria Charatsidou. Im Bereich unseres Sprachen-Engagements schlie\u00dflich erhielten unsere diesj\u00e4hrigen LCCI-Absolventen ihre Auszeichnungen: Kristina Gomer und Sabine Gomer, Cheyenne Gro\u00dfglaus, Lena Hoffmann, Kim Ivancevic, Jeannine Knobloch, Julian Maisch, Lena Metz, Selina Pfaffmann, Anusha Premananthan, Sarina Schwarz und Sophie Stroh.<\/p>\n<p>So richtet sich nun der Blick aufs Neue nach vorn: Ich w\u00fcnsche Ihnen &amp; Euch, uns allen, einen guten Start und wie immer viel Kraft und Gesundheit und vergesst nicht &#8211; von Herzen freue ich mich auf jede Begegnung, jedes Gespr\u00e4ch miteinander &#8211; wichtig scheint mir zu betonen, dass gerade bei Problemen, Herausforderungen und Sorgen im Schul-Alltag genau diese Begegnungen und Gespr\u00e4che unter- und miteinander Ausgangsbasis f\u00fcr alles Zusammenleben in einer Schulgemeinschaft sind: ich lade herzlich dazu ein, auf uns zuzukommen \u2013 beachten Sie bitte auch stets den Weg der Kommunikation bei Bedarf vom Fachlehrer zum Klassenleiter zum Stufenleiter.<\/p>\n<p>Die Agenda der Themen und Ziele f\u00fcr das neue Jahr ist wie immer ehrgeizig und fordernd, so will ich Zeichen gesetzt wissen zu und bei den gro\u00dfen Herausforderungen der kommenden Monate:<\/p>\n<p>Beim Thema DIGITALISIERUNG erwarten wir endlich(!) eine gro\u00dfz\u00fcgige Aussch\u00fcttung im Zuge des Digitalpakts \u00fcber unseren Schultr\u00e4ger \u2013 unser Medienkonzept, landesweit als vorbildlich zitiert, steht schon l\u00e4ngst in den Startl\u00f6chern.<\/p>\n<p>Beim Thema NACHHALTIGKEIT werden wir im Rahmen unserer schulischen Verpflichtungen und M\u00f6glichkeiten aktiv sein \u2013 am Freitag, den 20.09.2019 werden wir einen Aktionstag zu diesem Thema in unserer Aula abhalten f\u00fcr die Jahrgangsstufen 9-11 \u2013 es bildete sich \u00fcber die Monate eine aktive Gruppe im Bereich B(ildung f\u00fcr) N(achhaltige) E(ntwicklung), aus der Sch\u00fclerinnen der k\u00fcnftigen MSS11 engagiert und motivierend, um Unterst\u00fctzung werbend, das Wort ergriffen. Parallel findet unser traditioneller Umwelttag mit der Klassenstufe 6 am 11.09.2019 statt.<\/p>\n<p>Schlie\u00dflich bleiben uns der Auftrag und die gro\u00dfe Verantwortung, EUROPASCHULE sein zu d\u00fcrfen in unserer Grenzregion allgegenw\u00e4rtig:<br \/>\nMit dem Lyc\u00e9e in Narbonne haben wir einen neuen offiziellen AbiBac-Partner in der Oberstufe und unser Austausch mit Saint-Genis-Laval geht mittlerweile ins 30.(!) Jahr. Au\u00dferdem wurde bei unserer j\u00fcngsten Vollversammlung an das eTwinning-Qualit\u00e4tssiegel f\u00fcr das Projekt \u201eOrientwinning\u201c mit dem Coll\u00e8ge in Lauterburg aus dem vergangenen Schuljahr vorgestellt und ausgezeichnet, ein neues eTwinning-Projekt mit unserer Partnerschule dort in unserer Mittelstufe steht an. Schlie\u00dflich lade ich in diesem Zusammenhang herzlich ein, uns im Verwaltungsflur zu besuchen, um in Ruhe die k\u00fcnstlerischen Ertr\u00e4ge des gerade zu Ende gegangenen Erasmus-Projektes `F\u00fcr und wider die Willkommenskultur in Europa\u00b4 in Augenschein zu nehmen: Was hier und in allen erw\u00e4hnten Bereichen und dar\u00fcber hinaus in unserem Haus und im Rahmen unserer M\u00f6glichkeiten mit den zur Verf\u00fcgung stehenden Mitteln erreicht wurde und noch verwirklicht wird, macht mich stolz und froh und stimmt mich optimistisch f\u00fcr die Zukunft, vielleicht ist das eine Art Leitspruch f\u00fcr unser nun beginnendes gemeinsames neues Schuljahr: ZUVERSICHT UND FREUDE.<\/p>\n<p>So danke ich allen auf allen Gebieten Engagierten in unserer Elternschaft, Sch\u00fclerschaft und im KollegInnenkreis auf das Herzlichste und lade ein zum aktiven Mittun und Mitgestalten unseres Schulalltags, der Zukunft unserer Kinder, Eurer Zukunft!<\/p>\n<p>Ihr und Euer gez. Pete Allmann, Schulleiter am Gymnasium im Alfred-Grosser-Schulzentrum Bad Bergzabern<\/div><\/div>\n<div class=\"su-spoiler su-spoiler-style-default su-spoiler-icon-folder-1 su-spoiler-closed\" data-scroll-offset=\"0\" data-anchor-in-url=\"no\"><div class=\"su-spoiler-title\" tabindex=\"0\" role=\"button\"><span class=\"su-spoiler-icon\"><\/span>Elternbrief Januar 2019<\/div><div class=\"su-spoiler-content su-u-clearfix su-u-trim\"><a href=\"http:\/\/schulebza.de\/gymnasiumneu\/wp-content\/uploads\/2019\/03\/Elternbrief_Januar_2019.pdf\">DOWNLOAD<\/a><\/div><\/div>\n<div class=\"su-accordion su-u-trim\"><div class=\"su-spoiler su-spoiler-style-default su-spoiler-icon-folder-1 su-spoiler-closed\" data-scroll-offset=\"0\" data-anchor-in-url=\"no\"><div class=\"su-spoiler-title\" tabindex=\"0\" role=\"button\"><span class=\"su-spoiler-icon\"><\/span>Elternbrief September 2018<\/div><div class=\"su-spoiler-content su-u-clearfix su-u-trim\"><a href=\"http:\/\/schulebza.de\/gymnasiumneu\/wp-content\/uploads\/2019\/03\/Elternbrief.pdf\">DOWNLOAD<\/a><\/div><\/div><div class=\"su-spoiler su-spoiler-style-default su-spoiler-icon-folder-1 su-spoiler-closed\" data-scroll-offset=\"0\" data-anchor-in-url=\"no\"><div class=\"su-spoiler-title\" tabindex=\"0\" role=\"button\"><span class=\"su-spoiler-icon\"><\/span>Elternbrief xx xx<\/div><div class=\"su-spoiler-content su-u-clearfix su-u-trim\">keine Datei vorhanden<\/div><\/div> <div class=\"su-spoiler su-spoiler-style-default su-spoiler-icon-folder-1 su-spoiler-closed\" data-scroll-offset=\"0\" data-anchor-in-url=\"no\"><div class=\"su-spoiler-title\" tabindex=\"0\" role=\"button\"><span class=\"su-spoiler-icon\"><\/span>Elternbrief xx xx<\/div><div class=\"su-spoiler-content su-u-clearfix su-u-trim\">keine Datei vorhanden<\/div><\/div> <div class=\"su-spoiler su-spoiler-style-default su-spoiler-icon-folder-1 su-spoiler-closed\" data-scroll-offset=\"0\" data-anchor-in-url=\"no\"><div class=\"su-spoiler-title\" tabindex=\"0\" role=\"button\"><span class=\"su-spoiler-icon\"><\/span>Elternbrief xx xx<\/div><div class=\"su-spoiler-content su-u-clearfix su-u-trim\">keine Datei vorhanden<\/div><\/div><\/div>\n","protected":false},"excerpt":{"rendered":"<p>Wir halten Sie nat\u00fcrlich auch in gedruckter Form regelm\u00e4\u00dfig auf dem Laufenden. Falls Sie jedoch einen Elternbrief nicht mehr finden sollten, sammeln wir die Informationen hier in digitaler Form. Schuljournal zum Schuljahresbeginn 2022-2023<\/p>\n","protected":false},"author":1,"featured_media":0,"parent":0,"menu_order":0,"comment_status":"closed","ping_status":"closed","template":"","meta":{"footnotes":""},"categories":[],"tags":[],"class_list":["post-3312","page","type-page","status-publish","hentry"],"_links":{"self":[{"href":"https:\/\/schulebza.de\/gymnasium\/wp-json\/wp\/v2\/pages\/3312","targetHints":{"allow":["GET"]}}],"collection":[{"href":"https:\/\/schulebza.de\/gymnasium\/wp-json\/wp\/v2\/pages"}],"about":[{"href":"https:\/\/schulebza.de\/gymnasium\/wp-json\/wp\/v2\/types\/page"}],"author":[{"embeddable":true,"href":"https:\/\/schulebza.de\/gymnasium\/wp-json\/wp\/v2\/users\/1"}],"replies":[{"embeddable":true,"href":"https:\/\/schulebza.de\/gymnasium\/wp-json\/wp\/v2\/comments?post=3312"}],"version-history":[{"count":10,"href":"https:\/\/schulebza.de\/gymnasium\/wp-json\/wp\/v2\/pages\/3312\/revisions"}],"predecessor-version":[{"id":3318,"href":"https:\/\/schulebza.de\/gymnasium\/wp-json\/wp\/v2\/pages\/3312\/revisions\/3318"}],"wp:attachment":[{"href":"https:\/\/schulebza.de\/gymnasium\/wp-json\/wp\/v2\/media?parent=3312"}],"wp:term":[{"taxonomy":"category","embeddable":true,"href":"https:\/\/schulebza.de\/gymnasium\/wp-json\/wp\/v2\/categories?post=3312"},{"taxonomy":"post_tag","embeddable":true,"href":"https:\/\/schulebza.de\/gymnasium\/wp-json\/wp\/v2\/tags?post=3312"}],"curies":[{"name":"wp","href":"https:\/\/api.w.org\/{rel}","templated":true}]}}