{"id":3293,"date":"2019-03-29T19:49:29","date_gmt":"2019-03-29T18:49:29","guid":{"rendered":"http:\/\/schulebza.de\/gymnasiumneu\/?page_id=3293"},"modified":"2026-01-28T16:27:17","modified_gmt":"2026-01-28T15:27:17","slug":"busverkehr","status":"publish","type":"page","link":"https:\/\/schulebza.de\/gymnasium\/busverkehr\/","title":{"rendered":"Busverkehr"},"content":{"rendered":"<p style=\"text-align: justify;\">Aufgrund h\u00e4ufiger \u00c4nderungen und des gro\u00dfen Umfangs stellt das Alfred-Grosser-Schulzentrum Bad Bergzabern selbst keine Busfahrpl\u00e4ne mehr ins Internet.<\/p>\n<div class=\"su-button-center\"><a href=\"https:\/\/www.suedliche-weinstrasse.de\/landkreis-suew\/oepnv\/\" class=\"su-button su-button-style-default\" style=\"color:#444444;background-color:#cbcbcb;border-color:#a3a3a3;border-radius:5px\" target=\"_blank\" rel=\"noopener noreferrer\"><span style=\"color:#444444;padding:6px 16px;font-size:13px;line-height:20px;border-color:#dbdbdb;border-radius:5px;text-shadow:none\"><i class=\"sui sui-subway\" style=\"font-size:13px;color:#444444\"><\/i> Zu den aktuellen Pl\u00e4nen des Kreises S\u00fcdliche Weinstra\u00dfe<\/span><\/a><\/div>\n<p>&nbsp;<\/p>\n<p><strong><div class=\"su-heading su-heading-style-default su-heading-align-center\" id=\"\" style=\"font-size:13px;margin-bottom:20px\"><div class=\"su-heading-inner\">Bussteigplan<\/div><\/div><\/strong><\/p>\n<p><strong><img decoding=\"async\" class=\"aligncenter size-full wp-image-3300\" src=\"http:\/\/schulebza.de\/gymnasium\/wp-content\/uploads\/2019\/03\/bussteigplan.jpg\" alt=\"\" width=\"1061\" height=\"387\" srcset=\"https:\/\/schulebza.de\/gymnasium\/wp-content\/uploads\/2019\/03\/bussteigplan.jpg 1061w, https:\/\/schulebza.de\/gymnasium\/wp-content\/uploads\/2019\/03\/bussteigplan-300x109.jpg 300w, https:\/\/schulebza.de\/gymnasium\/wp-content\/uploads\/2019\/03\/bussteigplan-768x280.jpg 768w, https:\/\/schulebza.de\/gymnasium\/wp-content\/uploads\/2019\/03\/bussteigplan-1024x374.jpg 1024w\" sizes=\"(max-width: 1061px) 100vw, 1061px\" \/><\/strong><\/p>\n<p style=\"text-align: justify;\"><strong><div class=\"su-heading su-heading-style-default su-heading-align-center\" id=\"\" style=\"font-size:13px;margin-bottom:20px\"><div class=\"su-heading-inner\">Was macht der AK Bus und Verkehr?<\/div><\/div><\/strong><\/p>\n<p>Der AK &#8211; Bus und Verkehr befasst sich im weitesten Sinne mit den Problemen auf dem Schulweg und insbesondere mit dem Sch\u00fclertransport. In der Vergangenheit wurde u. a. die Einrichtung der Fu\u00dfg\u00e4ngerampel an der Weinstra\u00dfe erreicht.<br \/>\nSeit dem Fr\u00fchjahr 2017 gibt es <strong>zwei Hol- und Bringzonen<\/strong>:<\/p>\n<p style=\"text-align: justify;\">Der <strong>Parkplatz Ecke Pestalozzi-Stra\u00dfe \/ Friedrich-Ebert-Stra\u00dfe (Schwimmbad)<\/strong> und der <strong>Parkplatz oberhalb der Pestalozzistra\u00dfe \/ Theodor-Heuss-Stra\u00dfe (am Verkehrs\u00fcbungsplatz)<\/strong>.<\/p>\n<p><a href=\"http:\/\/schulebza.de\/gymnasium\/wp-content\/uploads\/2019\/04\/hubzuebersicht.jpg\"><img decoding=\"async\" class=\"wp-image-5182 zoooom aligncenter\" src=\"http:\/\/schulebza.de\/gymnasium\/wp-content\/uploads\/2019\/04\/hubzuebersicht-1024x472.jpg\" alt=\"\" width=\"909\" height=\"419\" srcset=\"https:\/\/schulebza.de\/gymnasium\/wp-content\/uploads\/2019\/04\/hubzuebersicht-1024x472.jpg 1024w, https:\/\/schulebza.de\/gymnasium\/wp-content\/uploads\/2019\/04\/hubzuebersicht-300x138.jpg 300w, https:\/\/schulebza.de\/gymnasium\/wp-content\/uploads\/2019\/04\/hubzuebersicht-768x354.jpg 768w, https:\/\/schulebza.de\/gymnasium\/wp-content\/uploads\/2019\/04\/hubzuebersicht.jpg 1258w\" sizes=\"(max-width: 909px) 100vw, 909px\" \/><\/a><\/p>\n<p style=\"text-align: justify;\">Der Arbeitskreis versteht sich auch als Nahtstelle zwischen Kreisverwaltung, Busunternehmen, Sch\u00fclervertretern und regionalem Verkehrsbetrieb, bei Unregelm\u00e4\u00dfigkeiten in der Bef\u00f6rderung.<br \/>\nDie Ausbildung von Busbegleitern (Sch\u00fcler\/innen) ist seit 2007 im Schulzentrum etabliert, vom Arbeitskreis initiiert und unterst\u00fctzt.<\/p>\n<p>Liebe Eltern,<\/p>\n<p><strong>An wen wende ich mich &#8230;<\/strong><\/p>\n<p><strong>&#8230;bei Problemen rund um den Bustransport wie z. B. Versp\u00e4tung, \u00dcberf\u00fcllung etc.:<\/strong><\/p>\n<p>Bitte wenden Sie sich an den Verkehrsverbund Rhein-Neckar (VRN)<\/p>\n<p><strong>Kontaktformular: <\/strong><a href=\"https:\/\/www.vrn.de\/service\/kontakt\/beschwerde\/index.html\"><strong>https:\/\/www.vrn.de\/service\/kontakt\/beschwerde\/index.html<\/strong><\/a><\/p>\n<p><strong>\u00a0<\/strong><br \/>\n<strong>&#8230;wenn etwas im Bus vergessen wurde:<\/strong><\/p>\n<p>&#8211; Queichtaler Nahverkehrsgesellschaft (QNV):<\/p>\n<p>M\u00fcnchweiler <strong><u>06395-910 110<\/u><\/strong><\/p>\n<p>Annweiler <strong><u>06346-9595 30<\/u><\/strong><\/p>\n<p>&#8211; Bei Rheinpfalzbus: <strong><u>0621-685978-55<\/u><\/strong><\/p>\n<p>&nbsp;<\/p>\n<p><strong>&#8230;W\u00fcnsche, Fragen und Anregungen<\/strong><\/p>\n<p>&#8211; direkt an den Arbeitskreis (<a href=\"mailto:akbus@schulebza.de\">akbus@schulebza.de<\/a>)<\/p>\n<p>Mit freundlichen Gr\u00fc\u00dfen<\/p>\n<p>Der AK Bus und Verkehr<\/p>\n<div class=\"su-heading su-heading-style-default su-heading-align-center\" id=\"\" style=\"font-size:13px;margin-bottom:20px\"><div class=\"su-heading-inner\"><strong>Informationen zum Sch\u00fclertransport<\/strong><\/div><\/div>\n<p style=\"text-align: justify;\">Liebe Eltern,<\/p>\n<p style=\"text-align: justify;\">wir, der Arbeitskreis &#8218;Bus und Verkehr&#8216;, bestehend aus interessierten Eltern, Lehrern und Sch\u00fclervertretern des Alfred-Grosser-Schulzentrums sowie der Grundschule und der BBS Bad Bergzabern, setzen uns f\u00fcr eine sichere und reibungslose Bef\u00f6rderung der Sch\u00fcler ein.<\/p>\n<p style=\"text-align: justify;\">In den Schulbussen treten immer wieder Probleme auf, die den Fahrtverlauf beeintr\u00e4chtigen und damit die Sicherheit der Insassen gef\u00e4hrden, wie z.B.:<\/p>\n<ul>\n<li style=\"text-align: justify;\">lautes Geschrei und Raufereien zwischen einzelnen Sch\u00fclern<\/li>\n<li style=\"text-align: justify;\">Herumlaufen im Bus w\u00e4hrend der Fahrt<\/li>\n<li style=\"text-align: justify;\">Auf- und Abspringen in den Sitzen oder im Gang<\/li>\n<li style=\"text-align: justify;\">mutwillige Besch\u00e4digungen innerhalb der Busse<\/li>\n<li style=\"text-align: justify;\">eigenm\u00e4chtiges \u00d6ffnen oder Offenhalten der hinteren Bust\u00fcren<\/li>\n<li style=\"text-align: justify;\">Missachtung aller Anweisungen der Busfahrer bzw. im Bus geltenden Regeln<\/li>\n<\/ul>\n<p style=\"text-align: justify;\">Gemeinsam mit Vertretern von Busunternehmen sowie dem zust\u00e4ndigen \u00d6PNV-Referenten der Kreisverwaltung S\u00fcdliche Weinstra\u00dfe haben wir deshalb am runden Tisch nach M\u00f6glichkeiten gesucht, diese Missst\u00e4nde zu beseitigen. Verschiedene L\u00f6sungswege wurden er\u00f6rtert, um dem offensichtlichen Mangel an Disziplin einzelner Sch\u00fcler zu begegnen.<\/p>\n<p style=\"text-align: justify;\">Damit die Sicherheit der Kinder nicht mehr gef\u00e4hrdet wird, wurde schnell klar, dass die Busfahrer eine M\u00f6glichkeit brauchen, um Kinder, die immer wieder durch gef\u00e4hrliches Verhalten auffallen, schnell und effektiv zur Ruhe zu bringen.<\/p>\n<p style=\"text-align: justify;\">Folgendes wird nach einer Pilotphase von zwei Wochen \u2013 in Absprache mit Busunternehmen und dem \u00d6PNV-Referenten der Kreisverwaltung S\u00dcW \u2013 eingef\u00fchrt:<\/p>\n<ol>\n<li><strong>Alle Sch\u00fcler m\u00fcssen ihren Fahrausweis beim Einsteigen in den Bus vorzeigen, damit der Busfahrer eine Chance hat, die Namen der Kinder kennenzulernen.<\/strong><strong>Bei <\/strong><\/li>\n<li><strong>Fehlverhalten der Sch\u00fcler wird der Busfahrer, nach entsprechender Ermahnung des\/der Betroffenen, Meldung bei der Kreisverwaltung S\u00dcW machen, die wiederum die entsprechenden Lehrer informiert.<\/strong><\/li>\n<li><strong>Bei wiederholter Meldung werden Sie als Eltern durch die Schule und\/oder die Kreisverwaltung informiert. <\/strong><\/li>\n<\/ol>\n<p style=\"text-align: justify;\">Sollten Sie von den Lehrern eine solche Information \u00fcber gef\u00e4hrliches Verhalten Ihres Kindes erhalten, bitten wir Sie, Ihr Kind f\u00fcr die Gefahren, die mit seinem Fehlverhalten einhergehen, zu sensibilisieren und ggf. Konsequenzen zu ergreifen.<\/p>\n<p style=\"text-align: justify;\">Mit dieser Vorgehensweise hoffen wir, den Kindern deutlich vor Augen f\u00fchren zu k\u00f6nnen, dass ungeb\u00fchrliches Verhalten erkannt und m\u00f6glicherweise durch die Lehrer bzw. Eltern geahndet wird. Zur Information haben wir Ihnen im Anhang einen Auszug aus der Tarif-Info 1\/2014 des VRN angeh\u00e4ngt (\u00a74 Verhalten der Fahrg\u00e4ste).<\/p>\n<p style=\"text-align: justify;\">Wir danken Ihnen f\u00fcr Ihr Verst\u00e4ndnis und Ihre Unterst\u00fctzung in dieser wichtigen Angelegenheit und hoffen, der derzeit unbefriedigenden Lage gemeinsam Herr zu werden.<\/p>\n<p style=\"text-align: justify;\">Mit freundlichen Gr\u00fc\u00dfen<\/p>\n<p style=\"text-align: justify;\">AK Bus und Verkehr<\/p>\n<p style=\"text-align: justify;\"><strong><div class=\"su-heading su-heading-style-default su-heading-align-center\" id=\"\" style=\"font-size:13px;margin-bottom:20px\"><div class=\"su-heading-inner\">Bef\u00f6rderungsbedingungen<\/div><\/div><\/strong><\/p>\n<p><strong>Verhalten der Fahrg\u00e4ste<\/strong><\/p>\n<ul style=\"text-align: justify;\">\n<li>Fahrg\u00e4ste haben sich bei Benutzung der Betriebsanlagen, Betriebseinrichtungen und Fahrzeuge so zu verhalten, wie es die Sicherheit und Ordnung des Betriebes, ihre eigene Sicherheit und die R\u00fccksicht auf andere Personen erfordert.<\/li>\n<li>Anweisungen des Betriebspersonals ist zu folgen.<\/li>\n<\/ul>\n<ul style=\"text-align: justify;\">\n<li>Fahrg\u00e4sten ist insbesondere untersagt,<\/li>\n<\/ul>\n<ol style=\"text-align: justify;\">\n<li>sich w\u00e4hrend der Fahrt mit dem Fahrzeugf\u00fchrer zu unterhalten,<\/li>\n<li>die T\u00fcren w\u00e4hrend der Fahrt und au\u00dferhalbder Haltestellen eigenm\u00e4chtig zu \u00f6ffnen,<\/li>\n<li>Gegenst\u00e4nde aus den Fahrzeugen zu werfen oder hinausragen zu lassen,<\/li>\n<li>w\u00e4hrend der Fahrt auf- und abzuspringen,<\/li>\n<li>ein als besetzt bezeichnetes Fahrzeug zu betreten,<\/li>\n<li>die Benutzbarkeit der Betriebsanlagen,Betriebseinrichtungen und Fahrzeuge, insbesondereder Durchg\u00e4nge und der Ein- und Ausstiege, zu beeintr\u00e4chtigen,<\/li>\n<li>Tonwiedergabeger\u00e4te, Rundfunkger\u00e4te, Fernsehger\u00e4te, Musikinstrumente oder l\u00e4rmerzeugende Gegenst\u00e4nde zu benutzen,<\/li>\n<li>Mobiltelefone in Bereichen zu benutzen, in denen dies z. B. mittels Piktogramm untersagt ist,<\/li>\n<li>den besonderen Bahnk\u00f6rper au\u00dferhalb der \u00dcberg\u00e4nge zu betreten und zu \u00fcberqueren sowie Tunnelstrecken au\u00dferhalb der Bahnsteige zu betreten,<\/li>\n<li>im Bereich von Bahnh\u00f6fen, Haltestellen sowie in Fahrzeugen Rad, Rollschuh und Skateboard zu fahren.<\/li>\n<\/ol>\n<ul style=\"text-align: justify;\">\n<li>Die Fahrg\u00e4ste d\u00fcrfen die Fahrzeuge nur an den Haltestellen betreten und verlassen; Ausnahmen bed\u00fcrfen der Zustimmung des Personals. Soweit besonders gekennzeichnete Eing\u00e4nge oder Ausg\u00e4nge vorhanden sind, sind diese beim Betreten bzw. Verlassen der Fahrzeuge zu benutzen. Es ist z\u00fcgig ein- und auszusteigen sowie in das Wageninnere aufzur\u00fccken. Wird die bevorstehende Abfahrt angek\u00fcndigt oder schlie\u00dft sich die T\u00fcr, darf das Fahrzeug nicht mehr betreten oder verlassen werden<\/li>\n<li>Jeder Fahrgast ist verpflichtet, sich im Fahrzeug stets einen festen Halt zu verschaffen.<\/li>\n<\/ul>\n<p style=\"text-align: justify;\">Die Beaufsichtigung von Kindern obliegt den Begleitern. Sie haben insbesondere zur Sicherheit der Kinder daf\u00fcr zu sorgen, dass die Kinder nicht auf den Sitzpl\u00e4tzen knien oder stehen.<\/p>\n<p style=\"text-align: justify;\">Verletzt ein Fahrgast trotz Ermahnung die ihm obliegenden Pflichten nach den Abs\u00e4tzen (1) bis (5), so kann er von der Bef\u00f6rderung ausgeschlossen werden.<\/p>\n<p><strong><div class=\"su-heading su-heading-style-default su-heading-align-center\" id=\"\" style=\"font-size:13px;margin-bottom:20px\"><div class=\"su-heading-inner\">Downloads<\/div><\/div><\/strong><\/p>\n<p><a href=\"http:\/\/schulebza.de\/gymnasiumneu\/busverkehr\/elternbrief_schulerbefoerderung-bus_winter_12-2017\/\" rel=\"attachment wp-att-5176\">Elternbrief_Schulerbefoerderung-Bus_Winter_12 2017<\/a><\/p>\n<p><a href=\"http:\/\/schulebza.de\/gymnasiumneu\/wp-content\/uploads\/2019\/04\/Stellplan_BBZ_24.04.2017.pdf\">Stellplan_BBZ_24.04.2017<\/a><\/p>\n","protected":false},"excerpt":{"rendered":"<p>Aufgrund h\u00e4ufiger \u00c4nderungen und des gro\u00dfen Umfangs stellt das Alfred-Grosser-Schulzentrum Bad Bergzabern selbst keine Busfahrpl\u00e4ne mehr ins Internet. &nbsp; Der AK &#8211; Bus und Verkehr befasst sich im weitesten Sinne mit den Problemen auf dem Schulweg und insbesondere mit dem Sch\u00fclertransport. In der Vergangenheit wurde u. a. die Einrichtung der Fu\u00dfg\u00e4ngerampel an der Weinstra\u00dfe erreicht.&#8230;<\/p>\n<p class=\"more-link\"><a href=\"https:\/\/schulebza.de\/gymnasium\/busverkehr\/\" class=\"\"><span>Weiterlesen<\/span><i>&#43;<\/i><\/a><\/p>\n","protected":false},"author":1,"featured_media":0,"parent":0,"menu_order":0,"comment_status":"closed","ping_status":"closed","template":"","meta":{"footnotes":""},"categories":[],"tags":[],"class_list":["post-3293","page","type-page","status-publish","hentry"],"_links":{"self":[{"href":"https:\/\/schulebza.de\/gymnasium\/wp-json\/wp\/v2\/pages\/3293","targetHints":{"allow":["GET"]}}],"collection":[{"href":"https:\/\/schulebza.de\/gymnasium\/wp-json\/wp\/v2\/pages"}],"about":[{"href":"https:\/\/schulebza.de\/gymnasium\/wp-json\/wp\/v2\/types\/page"}],"author":[{"embeddable":true,"href":"https:\/\/schulebza.de\/gymnasium\/wp-json\/wp\/v2\/users\/1"}],"replies":[{"embeddable":true,"href":"https:\/\/schulebza.de\/gymnasium\/wp-json\/wp\/v2\/comments?post=3293"}],"version-history":[{"count":10,"href":"https:\/\/schulebza.de\/gymnasium\/wp-json\/wp\/v2\/pages\/3293\/revisions"}],"predecessor-version":[{"id":13893,"href":"https:\/\/schulebza.de\/gymnasium\/wp-json\/wp\/v2\/pages\/3293\/revisions\/13893"}],"wp:attachment":[{"href":"https:\/\/schulebza.de\/gymnasium\/wp-json\/wp\/v2\/media?parent=3293"}],"wp:term":[{"taxonomy":"category","embeddable":true,"href":"https:\/\/schulebza.de\/gymnasium\/wp-json\/wp\/v2\/categories?post=3293"},{"taxonomy":"post_tag","embeddable":true,"href":"https:\/\/schulebza.de\/gymnasium\/wp-json\/wp\/v2\/tags?post=3293"}],"curies":[{"name":"wp","href":"https:\/\/api.w.org\/{rel}","templated":true}]}}